{"id":2439,"date":"2022-11-18T10:47:29","date_gmt":"2022-11-18T09:47:29","guid":{"rendered":"https:\/\/cabinetmedical-philippeville.be\/?page_id=2439"},"modified":"2022-11-23T13:41:23","modified_gmt":"2022-11-23T12:41:23","slug":"bandagiste","status":"publish","type":"page","link":"https:\/\/cabinetmedical-philippeville.be\/bandagiste\/","title":{"rendered":"Autres services"},"content":{"rendered":"\t\t<div data-elementor-type=\"wp-page\" data-elementor-id=\"2439\" class=\"elementor elementor-2439\" data-elementor-settings=\"[]\">\n\t\t\t\t\t\t<div class=\"elementor-inner\">\n\t\t\t\t\t\t\t<div class=\"elementor-section-wrap\">\n\t\t\t\t\t\t\t<section class=\"elementor-section elementor-top-section elementor-element elementor-element-1772ff94 elementor-section-height-min-height elementor-section-stretched elementor-section-boxed elementor-section-height-default elementor-section-items-middle\" data-id=\"1772ff94\" data-element_type=\"section\" data-settings=\"{&quot;background_background&quot;:&quot;classic&quot;,&quot;shape_divider_bottom&quot;:&quot;curve&quot;,&quot;stretch_section&quot;:&quot;section-stretched&quot;}\">\n\t\t\t\t\t\t\t<div class=\"elementor-background-overlay\"><\/div>\n\t\t\t\t\t\t<div class=\"elementor-shape elementor-shape-bottom\" data-negative=\"false\">\n\t\t\t<svg xmlns=\"http:\/\/www.w3.org\/2000\/svg\" viewBox=\"0 0 1000 100\" preserveAspectRatio=\"none\">\n    <path class=\"elementor-shape-fill\" d=\"M1000,4.3V0H0v4.3C0.9,23.1,126.7,99.2,500,100S1000,22.7,1000,4.3z\"\/>\n<\/svg>\t\t<\/div>\n\t\t\t\t\t<div class=\"elementor-container elementor-column-gap-default\">\n\t\t\t\t\t\t\t<div class=\"elementor-row\">\n\t\t\t\t\t<div class=\"elementor-column elementor-col-100 elementor-top-column elementor-element elementor-element-518d128e\" data-id=\"518d128e\" data-element_type=\"column\">\n\t\t\t<div class=\"elementor-column-wrap elementor-element-populated\">\n\t\t\t\t\t\t\t<div class=\"elementor-widget-wrap\">\n\t\t\t\t\t\t\t\t<\/div>\n\t\t\t\t\t<\/div>\n\t\t<\/div>\n\t\t\t\t\t\t\t\t<\/div>\n\t\t\t\t\t<\/div>\n\t\t<\/section>\n\t\t\t\t<section class=\"elementor-section elementor-top-section elementor-element elementor-element-73a1ff30 elementor-section-stretched elementor-section-boxed elementor-section-height-default elementor-section-height-default\" data-id=\"73a1ff30\" data-element_type=\"section\" data-settings=\"{&quot;stretch_section&quot;:&quot;section-stretched&quot;}\">\n\t\t\t\t\t\t<div class=\"elementor-container elementor-column-gap-default\">\n\t\t\t\t\t\t\t<div class=\"elementor-row\">\n\t\t\t\t\t<div class=\"elementor-column elementor-col-100 elementor-top-column elementor-element elementor-element-1627f3a0\" data-id=\"1627f3a0\" data-element_type=\"column\">\n\t\t\t<div class=\"elementor-column-wrap elementor-element-populated\">\n\t\t\t\t\t\t\t<div class=\"elementor-widget-wrap\">\n\t\t\t\t\t\t<div class=\"elementor-element elementor-element-7447480 elementor-widget elementor-widget-heading\" data-id=\"7447480\" data-element_type=\"widget\" data-widget_type=\"heading.default\">\n\t\t\t\t<div class=\"elementor-widget-container\">\n\t\t\t<h1 class=\"elementor-heading-title elementor-size-default\">Aide pour personne \u00e0 mobilit\u00e9 r\u00e9duite assur\u00e9s par votre Bandagiste \u00e0 Philippeville, DIAZ Cristina<\/h1>\t\t<\/div>\n\t\t\t\t<\/div>\n\t\t\t\t<div class=\"elementor-element elementor-element-27030c1e elementor-widget elementor-widget-text-editor\" data-id=\"27030c1e\" data-element_type=\"widget\" data-widget_type=\"text-editor.default\">\n\t\t\t\t<div class=\"elementor-widget-container\">\n\t\t\t\t\t\t\t\t<div class=\"elementor-text-editor elementor-clearfix\">\n\t\t\t\t<p><a href=\"https:\/\/cabinetmedical-philippeville.be\/\"><strong>M\u00e9decin g\u00e9n\u00e9raliste \u00e0 Philippeville<\/strong><\/a>, Azuryomed SRL, nous intervenons aupr\u00e8s des personnes \u00e2g\u00e9es, handicap\u00e9es ou invalides pour leur proposer des soins et un service d\u2019aide \u00e0 la personne r\u00e9pondant \u00e0 leurs besoins, visant notamment \u00e0 maintenir le bien-\u00eatre de la personne en proc\u00e9dant \u00e0 des gestes appropri\u00e9s afin de conserver sa peau en parfait \u00e9tat de propret\u00e9.<\/p><p><\/p><p>Nous mettons ainsi \u00e0 votre service les comp\u00e9tences et le savoir-faire de notre Bandagiste \u00e0 Philippeville, DIAZ Cristina, qui met un point d\u2019honneur \u00e0 vous proposer un accompagnement complet et qui est en mesure de prendre soin des personnes \u00e0 mobilit\u00e9 r\u00e9duite, afin de leur permettre, ainsi qu\u2019\u00e0 leurs proches, de se concentrer dans leurs t\u00e2ches quotidiennes en toute qui\u00e9tude.<\/p>\t\t\t\t\t<\/div>\n\t\t\t\t\t\t<\/div>\n\t\t\t\t<\/div>\n\t\t\t\t\t\t<\/div>\n\t\t\t\t\t<\/div>\n\t\t<\/div>\n\t\t\t\t\t\t\t\t<\/div>\n\t\t\t\t\t<\/div>\n\t\t<\/section>\n\t\t\t\t<section class=\"elementor-section elementor-top-section elementor-element elementor-element-490f7a9 elementor-section-content-middle elementor-section-stretched elementor-section-boxed elementor-section-height-default elementor-section-height-default\" data-id=\"490f7a9\" data-element_type=\"section\" data-settings=\"{&quot;stretch_section&quot;:&quot;section-stretched&quot;}\">\n\t\t\t\t\t\t<div class=\"elementor-container elementor-column-gap-default\">\n\t\t\t\t\t\t\t<div class=\"elementor-row\">\n\t\t\t\t\t<div class=\"elementor-column elementor-col-50 elementor-top-column elementor-element elementor-element-3b7e8869\" data-id=\"3b7e8869\" data-element_type=\"column\">\n\t\t\t<div class=\"elementor-column-wrap elementor-element-populated\">\n\t\t\t\t\t\t\t<div class=\"elementor-widget-wrap\">\n\t\t\t\t\t\t<div class=\"elementor-element elementor-element-183bb49 elementor-widget elementor-widget-image\" data-id=\"183bb49\" data-element_type=\"widget\" data-widget_type=\"image.default\">\n\t\t\t\t<div class=\"elementor-widget-container\">\n\t\t\t\t\t\t\t\t<div class=\"elementor-image\">\n\t\t\t\t\t\t\t\t\t\t\t\t<img width=\"700\" height=\"500\" src=\"https:\/\/cabinetmedical-philippeville.be\/wp-content\/uploads\/2022\/11\/mg1.jpg\" class=\"attachment-large size-large\" alt=\"\" srcset=\"https:\/\/cabinetmedical-philippeville.be\/wp-content\/uploads\/2022\/11\/mg1.jpg 700w, https:\/\/cabinetmedical-philippeville.be\/wp-content\/uploads\/2022\/11\/mg1-300x214.jpg 300w, https:\/\/cabinetmedical-philippeville.be\/wp-content\/uploads\/2022\/11\/mg1-600x429.jpg 600w\" sizes=\"(max-width: 700px) 100vw, 700px\" \/>\t\t\t\t\t\t\t\t\t\t\t\t\t\t<\/div>\n\t\t\t\t\t\t<\/div>\n\t\t\t\t<\/div>\n\t\t\t\t\t\t<\/div>\n\t\t\t\t\t<\/div>\n\t\t<\/div>\n\t\t\t\t<div class=\"elementor-column elementor-col-50 elementor-top-column elementor-element elementor-element-5a4431b8\" data-id=\"5a4431b8\" data-element_type=\"column\" data-settings=\"{&quot;animation_tablet&quot;:&quot;none&quot;}\">\n\t\t\t<div class=\"elementor-column-wrap elementor-element-populated\">\n\t\t\t\t\t\t\t<div class=\"elementor-widget-wrap\">\n\t\t\t\t\t\t<div class=\"elementor-element elementor-element-36d04418 elementor-widget elementor-widget-heading\" data-id=\"36d04418\" data-element_type=\"widget\" data-widget_type=\"heading.default\">\n\t\t\t\t<div class=\"elementor-widget-container\">\n\t\t\t<h2 class=\"elementor-heading-title elementor-size-default\">Aide pour personne \u00e0 mobilit\u00e9 r\u00e9duite<\/h2>\t\t<\/div>\n\t\t\t\t<\/div>\n\t\t\t\t<div class=\"elementor-element elementor-element-62122f77 elementor-widget elementor-widget-text-editor\" data-id=\"62122f77\" data-element_type=\"widget\" data-widget_type=\"text-editor.default\">\n\t\t\t\t<div class=\"elementor-widget-container\">\n\t\t\t\t\t\t\t\t<div class=\"elementor-text-editor elementor-clearfix\">\n\t\t\t\t<p>En fonction du degr\u00e9 de d\u00e9pendance de la personne soign\u00e9e et en tenant compte de ses besoins, notre sp\u00e9cialiste de l\u2019aide pour personne \u00e0 mobilit\u00e9 r\u00e9duite pr\u00e8s de Florennes et Cerfontaine propose l&#8217;aide partielle ou totale dans l\u2019accomplissement des t\u00e2ches quotidiennes.<\/p><p><\/p><p>En effet, nous restons \u00e0 la disposition de toute personne en perte d\u2019autonomie dans le but de lui assurer un service d\u2019aide \u00e0 la mobilit\u00e9 de qualit\u00e9. Nous l\u2019aiderons ainsi au lever et au coucher et \u00e0 effectuer les gestes simples difficiles, tels que le d\u00e9shabillage, la petite toilette et autres.<\/p><p><\/p><p>De plus, notre professionnelle d\u2019aide aux personnes \u00e2g\u00e9es vous vient en aide afin de r\u00e9aliser les gestes de la vie quotidienne comme l\u2019entretien intime comprenant la douche et les \u00e9tapes de la toilette et vous assiste \u00e9galement pour vous asseoir et s\u2019attache \u00e0 nouer une relation personnelle avec ses patients et ce, en leur accordant un temps d\u2019\u00e9coute, d\u2019observation et d\u2019\u00e9change.<\/p><p><\/p><p>En respectant rigoureusement les r\u00e8gles d\u2019hygi\u00e8ne, notre sp\u00e9cialiste de l\u2019aide aux personnes handicap\u00e9es veille \u00e9galement \u00e0 la s\u00e9curit\u00e9 physique et au confort de chaque patient tout au long du soin. De ce fait, n\u2019h\u00e9sitez pas \u00e0 faire appel \u00e0 notre professionnelle d\u2019aide \u00e0 la personne pour b\u00e9n\u00e9ficier d\u2019un accompagnement pour personnes \u00e2g\u00e9es ou \u00e0 mobilit\u00e9 r\u00e9duite r\u00e9pondant \u00e0 vos exigences.<\/p>\t\t\t\t\t<\/div>\n\t\t\t\t\t\t<\/div>\n\t\t\t\t<\/div>\n\t\t\t\t\t\t<\/div>\n\t\t\t\t\t<\/div>\n\t\t<\/div>\n\t\t\t\t\t\t\t\t<\/div>\n\t\t\t\t\t<\/div>\n\t\t<\/section>\n\t\t\t\t<section class=\"elementor-section elementor-top-section elementor-element elementor-element-7552930d elementor-section-content-middle elementor-section-stretched elementor-reverse-tablet elementor-reverse-mobile elementor-section-boxed elementor-section-height-default elementor-section-height-default\" data-id=\"7552930d\" data-element_type=\"section\" id=\"ctn1\" data-settings=\"{&quot;stretch_section&quot;:&quot;section-stretched&quot;}\">\n\t\t\t\t\t\t<div class=\"elementor-container elementor-column-gap-default\">\n\t\t\t\t\t\t\t<div class=\"elementor-row\">\n\t\t\t\t\t<div class=\"elementor-column elementor-col-50 elementor-top-column elementor-element elementor-element-5d686ef9\" data-id=\"5d686ef9\" data-element_type=\"column\" data-settings=\"{&quot;animation_tablet&quot;:&quot;none&quot;}\">\n\t\t\t<div class=\"elementor-column-wrap elementor-element-populated\">\n\t\t\t\t\t\t\t<div class=\"elementor-widget-wrap\">\n\t\t\t\t\t\t<div class=\"elementor-element elementor-element-5a95729 elementor-widget elementor-widget-heading\" data-id=\"5a95729\" data-element_type=\"widget\" data-widget_type=\"heading.default\">\n\t\t\t\t<div class=\"elementor-widget-container\">\n\t\t\t<h2 class=\"elementor-heading-title elementor-size-default\">Sollicitez l\u2019expertise de notre bandagiste<\/h2>\t\t<\/div>\n\t\t\t\t<\/div>\n\t\t\t\t<div class=\"elementor-element elementor-element-1906b3ef elementor-widget elementor-widget-text-editor\" data-id=\"1906b3ef\" data-element_type=\"widget\" data-widget_type=\"text-editor.default\">\n\t\t\t\t<div class=\"elementor-widget-container\">\n\t\t\t\t\t\t\t\t<div class=\"elementor-text-editor elementor-clearfix\">\n\t\t\t\t<p>Alliant disponibilit\u00e9 et \u00e9coute, notre bandagiste pr\u00e8s de Florennes et Cerfontaine, Diaz Cristina, surveille l&#8217;\u00e9tat de sant\u00e9 des personnes non-autonomes et les accompagnent dans les gestes de la vie quotidienne.<\/p><p><\/p><p>Dot\u00e9 d&#8217;une grande capacit\u00e9 d&#8217;\u00e9coute, notre bandagiste reste \u00e0 votre disposition dans le but de concevoir, fabriquer, ajuster et r\u00e9parer vos appareils de soutien, tels que les bandages et les orth\u00e8ses, ainsi que vos appareils de remplacement permettant de corriger vos diff\u00e9rents troubles fonctionnels ou des difformit\u00e9s corporelles.<\/p><p><\/p><p>De plus, notre bandagiste a pour mission d\u2019\u00e9quiper les appareils con\u00e7us par les orthop\u00e9distes, la fabrication de bandages herniaires, les ceintures abdominales, les lombostats, les semelles, etc. Elle assure \u00e9galement la vente d\u2019appareils pour les personnes ayant subi une d\u00e9viation chirurgicale d\u2019un conduit naturel, de proth\u00e8ses mammaires, des canules, de proth\u00e8ses faciales et oculaires et autres. Non seulement, notre professionnel peut aussi poser et adapter un appareillage sur les patients.<\/p>\t\t\t\t\t<\/div>\n\t\t\t\t\t\t<\/div>\n\t\t\t\t<\/div>\n\t\t\t\t\t\t<\/div>\n\t\t\t\t\t<\/div>\n\t\t<\/div>\n\t\t\t\t<div class=\"elementor-column elementor-col-50 elementor-top-column elementor-element elementor-element-572516ce\" data-id=\"572516ce\" data-element_type=\"column\">\n\t\t\t<div class=\"elementor-column-wrap elementor-element-populated\">\n\t\t\t\t\t\t\t<div class=\"elementor-widget-wrap\">\n\t\t\t\t\t\t<div class=\"elementor-element elementor-element-778d5a79 elementor-widget elementor-widget-image\" data-id=\"778d5a79\" data-element_type=\"widget\" data-widget_type=\"image.default\">\n\t\t\t\t<div class=\"elementor-widget-container\">\n\t\t\t\t\t\t\t\t<div class=\"elementor-image\">\n\t\t\t\t\t\t\t\t\t\t\t\t<img width=\"700\" height=\"500\" src=\"https:\/\/cabinetmedical-philippeville.be\/wp-content\/uploads\/2022\/11\/mg2.jpg\" class=\"attachment-large size-large\" alt=\"\" srcset=\"https:\/\/cabinetmedical-philippeville.be\/wp-content\/uploads\/2022\/11\/mg2.jpg 700w, https:\/\/cabinetmedical-philippeville.be\/wp-content\/uploads\/2022\/11\/mg2-300x214.jpg 300w, https:\/\/cabinetmedical-philippeville.be\/wp-content\/uploads\/2022\/11\/mg2-600x429.jpg 600w\" sizes=\"(max-width: 700px) 100vw, 700px\" \/>\t\t\t\t\t\t\t\t\t\t\t\t\t\t<\/div>\n\t\t\t\t\t\t<\/div>\n\t\t\t\t<\/div>\n\t\t\t\t\t\t<\/div>\n\t\t\t\t\t<\/div>\n\t\t<\/div>\n\t\t\t\t\t\t\t\t<\/div>\n\t\t\t\t\t<\/div>\n\t\t<\/section>\n\t\t\t\t<section class=\"elementor-section elementor-top-section elementor-element elementor-element-69c1b74e elementor-section-height-min-height elementor-section-content-middle elementor-section-stretched elementor-section-boxed elementor-section-height-default elementor-section-items-middle\" data-id=\"69c1b74e\" data-element_type=\"section\" data-settings=\"{&quot;stretch_section&quot;:&quot;section-stretched&quot;,&quot;background_background&quot;:&quot;classic&quot;,&quot;shape_divider_top&quot;:&quot;curve&quot;}\">\n\t\t\t\t\t\t\t<div class=\"elementor-background-overlay\"><\/div>\n\t\t\t\t\t\t<div class=\"elementor-shape elementor-shape-top\" data-negative=\"false\">\n\t\t\t<svg xmlns=\"http:\/\/www.w3.org\/2000\/svg\" viewBox=\"0 0 1000 100\" preserveAspectRatio=\"none\">\n    <path class=\"elementor-shape-fill\" d=\"M1000,4.3V0H0v4.3C0.9,23.1,126.7,99.2,500,100S1000,22.7,1000,4.3z\"\/>\n<\/svg>\t\t<\/div>\n\t\t\t\t\t<div class=\"elementor-container elementor-column-gap-default\">\n\t\t\t\t\t\t\t<div class=\"elementor-row\">\n\t\t\t\t\t<div class=\"elementor-column elementor-col-100 elementor-top-column elementor-element elementor-element-58dd2b23\" data-id=\"58dd2b23\" data-element_type=\"column\">\n\t\t\t<div class=\"elementor-column-wrap elementor-element-populated\">\n\t\t\t\t\t\t\t<div class=\"elementor-widget-wrap\">\n\t\t\t\t\t\t<div class=\"elementor-element elementor-element-2febcf55 elementor-widget elementor-widget-heading\" data-id=\"2febcf55\" data-element_type=\"widget\" data-widget_type=\"heading.default\">\n\t\t\t\t<div class=\"elementor-widget-container\">\n\t\t\t<span class=\"elementor-heading-title elementor-size-default\">Contactez-nous<\/span>\t\t<\/div>\n\t\t\t\t<\/div>\n\t\t\t\t<div class=\"elementor-element elementor-element-399e4d1 elementor-widget-divider--view-line elementor-widget elementor-widget-divider\" data-id=\"399e4d1\" data-element_type=\"widget\" data-widget_type=\"divider.default\">\n\t\t\t\t<div class=\"elementor-widget-container\">\n\t\t\t\t\t<div class=\"elementor-divider\">\n\t\t\t<span class=\"elementor-divider-separator\">\n\t\t\t\t\t\t<\/span>\n\t\t<\/div>\n\t\t\t\t<\/div>\n\t\t\t\t<\/div>\n\t\t\t\t<div class=\"elementor-element elementor-element-34e202b7 elementor-widget elementor-widget-text-editor\" data-id=\"34e202b7\" data-element_type=\"widget\" data-widget_type=\"text-editor.default\">\n\t\t\t\t<div class=\"elementor-widget-container\">\n\t\t\t\t\t\t\t\t<div class=\"elementor-text-editor elementor-clearfix\">\n\t\t\t\t<p>Pour en savoir plus sur les autres services propos\u00e9s, n&#8217;h\u00e9sitez pas \u00e0 nous <a href=\"https:\/\/cabinetmedical-philippeville.be\/contact\/\"><strong>contacter<\/strong> <\/a>au <a href=\"tel:0498609210\"><strong>0498\/60.92.10<\/strong><\/a>.<\/p>\t\t\t\t\t<\/div>\n\t\t\t\t\t\t<\/div>\n\t\t\t\t<\/div>\n\t\t\t\t\t\t<\/div>\n\t\t\t\t\t<\/div>\n\t\t<\/div>\n\t\t\t\t\t\t\t\t<\/div>\n\t\t\t\t\t<\/div>\n\t\t<\/section>\n\t\t\t\t\t\t<\/div>\n\t\t\t\t\t\t<\/div>\n\t\t\t\t\t<\/div>\n\t\t","protected":false},"excerpt":{"rendered":"<p>Aide pour personne \u00e0 mobilit\u00e9 r\u00e9duite assur\u00e9s par votre Bandagiste \u00e0 Philippeville, DIAZ Cristina M\u00e9decin g\u00e9n\u00e9raliste \u00e0 Philippeville, Azuryomed SRL, nous intervenons aupr\u00e8s des personnes \u00e2g\u00e9es, handicap\u00e9es ou invalides pour leur proposer des soins et un service d\u2019aide \u00e0 la personne r\u00e9pondant \u00e0 leurs besoins, visant notamment \u00e0 maintenir le [&hellip;]<\/p>\n","protected":false},"author":29,"featured_media":0,"parent":0,"menu_order":0,"comment_status":"closed","ping_status":"closed","template":"","meta":[],"acf":[],"aioseo_notices":[],"_links":{"self":[{"href":"https:\/\/cabinetmedical-philippeville.be\/nov-apijson\/wp\/v2\/pages\/2439"}],"collection":[{"href":"https:\/\/cabinetmedical-philippeville.be\/nov-apijson\/wp\/v2\/pages"}],"about":[{"href":"https:\/\/cabinetmedical-philippeville.be\/nov-apijson\/wp\/v2\/types\/page"}],"author":[{"embeddable":true,"href":"https:\/\/cabinetmedical-philippeville.be\/nov-apijson\/wp\/v2\/users\/29"}],"replies":[{"embeddable":true,"href":"https:\/\/cabinetmedical-philippeville.be\/nov-apijson\/wp\/v2\/comments?post=2439"}],"version-history":[{"count":20,"href":"https:\/\/cabinetmedical-philippeville.be\/nov-apijson\/wp\/v2\/pages\/2439\/revisions"}],"predecessor-version":[{"id":2472,"href":"https:\/\/cabinetmedical-philippeville.be\/nov-apijson\/wp\/v2\/pages\/2439\/revisions\/2472"}],"wp:attachment":[{"href":"https:\/\/cabinetmedical-philippeville.be\/nov-apijson\/wp\/v2\/media?parent=2439"}],"curies":[{"name":"wp","href":"https:\/\/api.w.org\/{rel}","templated":true}]}}